{"id":131,"date":"2024-06-17T22:35:34","date_gmt":"2024-06-17T20:35:34","guid":{"rendered":"https:\/\/www.meetingpointfirenze.it\/?page_id=131"},"modified":"2025-12-16T11:50:47","modified_gmt":"2025-12-16T10:50:47","slug":"privacy-policy","status":"publish","type":"page","link":"https:\/\/www.meetingpointfirenze.it\/en\/privacy-policy\/","title":{"rendered":"Privacy policy"},"content":{"rendered":"<p>[et_pb_section fb_built=&#8221;1&#8243; fullwidth=&#8221;on&#8221; admin_label=&#8221;Header Section&#8221; _builder_version=&#8221;4.16&#8243; background_image=&#8221;https:\/\/www.meetingpointfirenze.it\/wp-content\/uploads\/2024\/06\/hdgdgh.jpg&#8221; parallax=&#8221;on&#8221; top_divider_style=&#8221;clouds2&#8243; top_divider_color=&#8221;rgba(255,255,255,0.3)&#8221; top_divider_height=&#8221;100%&#8221; bottom_divider_height=&#8221;30px&#8221; global_colors_info=&#8221;{}&#8221;][et_pb_fullwidth_header subhead=&#8221;Privacy Policy&#8221; text_orientation=&#8221;center&#8221; _builder_version=&#8221;4.25.2&#8243; title_level=&#8221;h2&#8243; title_font=&#8221;Rubik|700||on|||||&#8221; title_text_color=&#8221;#ff7355&#8243; title_font_size=&#8221;16px&#8221; title_letter_spacing=&#8221;5px&#8221; title_line_height=&#8221;2em&#8221; content_font=&#8221;Rubik||||||||&#8221; content_font_size=&#8221;18px&#8221; content_line_height=&#8221;2em&#8221; subhead_font=&#8221;Rubik|700|||||||&#8221; subhead_text_color=&#8221;rgba(0,0,0,0.8)&#8221; subhead_font_size=&#8221;50px&#8221; subhead_line_height=&#8221;1.4em&#8221; background_color=&#8221;rgba(255,255,255,0)&#8221; use_background_color_gradient=&#8221;on&#8221; background_color_gradient_stops=&#8221;rgba(255,255,255,0.7) 0%|#ffffff 100%&#8221; background_color_gradient_start=&#8221;rgba(255,255,255,0.7)&#8221; background_color_gradient_end=&#8221;#ffffff&#8221; background_size=&#8221;contain&#8221; background_position=&#8221;bottom_center&#8221; custom_button_one=&#8221;on&#8221; button_one_text_size=&#8221;16px&#8221; button_one_text_color=&#8221;#ffffff&#8221; button_one_bg_color=&#8221;#ff7355&#8243; button_one_border_width=&#8221;15px&#8221; button_one_border_color=&#8221;rgba(210,159,104,0)&#8221; button_one_border_radius=&#8221;100px&#8221; button_one_letter_spacing=&#8221;0px&#8221; button_one_font=&#8221;Rubik|700|||||||&#8221; button_one_use_icon=&#8221;off&#8221; custom_button_two=&#8221;on&#8221; button_two_text_size=&#8221;16px&#8221; button_two_text_color=&#8221;#ffffff&#8221; button_two_bg_color=&#8221;rgba(0,0,0,0.6)&#8221; button_two_border_width=&#8221;15px&#8221; button_two_border_color=&#8221;rgba(210,159,104,0)&#8221; button_two_border_radius=&#8221;100px&#8221; button_two_letter_spacing=&#8221;0px&#8221; button_two_font=&#8221;Rubik|700|||||||&#8221; button_two_use_icon=&#8221;off&#8221; background_layout=&#8221;light&#8221; custom_margin=&#8221;|||&#8221; custom_padding=&#8221;8vw||4vw|&#8221; animation_style=&#8221;slide&#8221; animation_direction=&#8221;bottom&#8221; animation_intensity_slide=&#8221;1%&#8221; subhead_font_size_tablet=&#8221;&#8221; subhead_font_size_phone=&#8221;30px&#8221; subhead_font_size_last_edited=&#8221;on|phone&#8221; button_one_border_radius_hover=&#8221;100px&#8221; button_two_border_radius_hover=&#8221;100px&#8221; button_one_bg_color_hover=&#8221;#ff8a70&#8243; button_two_bg_color_hover=&#8221;#ff8a70&#8243; global_colors_info=&#8221;{}&#8221; button_one_text_size__hover_enabled=&#8221;off&#8221; button_two_text_size__hover_enabled=&#8221;off&#8221; button_one_text_color__hover_enabled=&#8221;off&#8221; button_two_text_color__hover_enabled=&#8221;off&#8221; button_one_border_width__hover_enabled=&#8221;off&#8221; button_two_border_width__hover_enabled=&#8221;off&#8221; button_one_border_color__hover_enabled=&#8221;off&#8221; button_two_border_color__hover_enabled=&#8221;off&#8221; button_one_border_radius__hover_enabled=&#8221;on&#8221; button_one_border_radius__hover=&#8221;100px&#8221; button_two_border_radius__hover_enabled=&#8221;on&#8221; button_two_border_radius__hover=&#8221;100px&#8221; button_one_letter_spacing__hover_enabled=&#8221;off&#8221; button_two_letter_spacing__hover_enabled=&#8221;off&#8221; button_one_bg_color__hover_enabled=&#8221;on&#8221; button_one_bg_color__hover=&#8221;#ff8a70&#8243; button_two_bg_color__hover_enabled=&#8221;on&#8221; button_two_bg_color__hover=&#8221;#ff8a70&#8243;][\/et_pb_fullwidth_header][\/et_pb_section][et_pb_section fb_built=&#8221;1&#8243; admin_label=&#8221;Contact Section&#8221; _builder_version=&#8221;4.16&#8243; background_image=&#8221;https:\/\/www.meetingpointfirenze.it\/wp-content\/uploads\/2024\/06\/shapes-bg-1.png&#8221; parallax=&#8221;on&#8221; custom_padding=&#8221;|||&#8221; global_colors_info=&#8221;{}&#8221;][et_pb_row _builder_version=&#8221;4.25.2&#8243; _module_preset=&#8221;default&#8221; global_colors_info=&#8221;{}&#8221;][et_pb_column type=&#8221;4_4&#8243; _builder_version=&#8221;4.25.2&#8243; _module_preset=&#8221;default&#8221; global_colors_info=&#8221;{}&#8221;][et_pb_text _builder_version=&#8221;4.27.4&#8243; _module_preset=&#8221;default&#8221; global_colors_info=&#8221;{}&#8221;]<\/p>\n<p>&nbsp;<\/p>\n<p>Perch\u00e9 questo avviso<\/p>\n<p>In questa pagina si descrivono le modalit\u00e0 di gestione del sito in riferimento al trattamento dei dati personali degli utenti che lo consultano.<\/p>\n<p>Si tratta di un\u2019informativa che \u00e8 resa anche ai sensi dell&#8217;art. 13 del GDPR\u00a0 a coloro che interagiscono con i servizi web del sito, accessibili per via telematica a partire dall\u2019indirizzo: http:\/\/www.meetingpointfirenze.it<\/p>\n<p>L\u2019informativa \u00e8 resa solo per il sito principale e non anche per altri siti web eventualmente consultati dall\u2019utente tramite link.<\/p>\n<p>L\u2019informativa si ispira anche alla Raccomandazione n. 2\/2001 che le autorit\u00e0 europee per la protezione dei dati personali, riunite nel Gruppo istituito dall\u2019art. 29 della direttiva n. 95\/46\/CE , hanno adottato il 17 maggio 2001 per individuare alcuni requisiti minimi per la raccolta di dati personali on-line, e, in particolare, le modalit\u00e0, i tempi e la natura delle informazioni che i titolari del trattamento devono fornire agli utenti quando questi si collegano a pagine web, indipendentemente dagli scopi del collegamento.<\/p>\n<p>&nbsp;<\/p>\n<p>Il &#8220;titolare&#8221; del trattamento<\/p>\n<p>A seguito della consultazione di questo sito possono essere trattati dati relativi a persone identificate o identificabili.<\/p>\n<p>Il \u201ctitolare\u201d del loro trattamento \u00e8 Coop. Soc. DIDATTICA &amp; SPERIMENTAZIONE, via A. Del Sarto, 4 \u2013 50135 Firenze.<\/p>\n<p>&nbsp;<\/p>\n<p>Luogo di trattamento dei dati<\/p>\n<p>I trattamenti connessi ai servizi web di questo sito hanno luogo presso la predetta sede e sono curati solo da personale tecnico interno incaricato del trattamento, da fornitori di servizi informatici incaricati al trattamento, oppure da eventuali incaricati di occasionali operazioni di manutenzione.<\/p>\n<p>Nessun dato derivante dal servizio web viene comunicato o diffuso.<\/p>\n<p>I dati personali forniti dagli utenti che inoltrano richieste di invio di materiale informativo sono utilizzati al solo fine di eseguire il servizio o la prestazione richiesta e sono comunicati a terzi nel solo caso in cui ci\u00f2 sia a tal fine necessario (servizio di spedizione per posta o per corriere).<\/p>\n<p>&nbsp;<\/p>\n<p>&nbsp;<\/p>\n<p>Tipi di dati trattati<\/p>\n<p>Dati di navigazione<\/p>\n<p>I sistemi informatici e le procedure software preposte al funzionamento di questo sito web acquisiscono, nel corso del loro normale esercizio, alcuni dati personali la cui trasmissione \u00e8 implicita nell\u2019uso dei protocolli di comunicazione di Internet.<\/p>\n<p>Si tratta di informazioni che non sono raccolte per essere associate a interessati identificati, ma che per loro stessa natura potrebbero, attraverso elaborazioni ed associazioni con dati detenuti da terzi, permettere di identificare gli utenti.<\/p>\n<p>In questa categoria di dati rientrano gli indirizzi IP o i nomi a dominio dei computer utilizzati dagli utenti che si connettono al sito, gli indirizzi in notazione URI (Uniform Resource Identifier) delle risorse richieste, l\u2019orario della richiesta, il metodo utilizzato nel sottoporre la richiesta al server, la dimensione del file ottenuto in risposta, il codice numerico indicante lo stato della risposta data dal server (buon fine, errore, ecc.) ed altri parametri relativi al sistema operativo e all\u2019ambiente informatico dell\u2019utente.<\/p>\n<p>Questi dati vengono utilizzati al solo fine di ricavare informazioni statistiche anonime sull\u2019uso del sito e per controllarne il corretto funzionamento e vengono cancellati immediatamente dopo l\u2019elaborazione. I dati potrebbero essere utilizzati per l\u2019accertamento di responsabilit\u00e0 in caso di ipotetici reati informatici ai danni del sito: salva questa eventualit\u00e0, allo stato i dati sui contatti web non persistono per pi\u00f9 di sette giorni.<\/p>\n<p>&nbsp;<\/p>\n<p>Dati forniti volontariamente dall\u2019utente<\/p>\n<p>L\u2019invio facoltativo, esplicito e volontario di posta elettronica agli indirizzi indicati su questo sito comporta la successiva acquisizione dell\u2019indirizzo del mittente, necessario per rispondere alle richieste, nonch\u00e9 degli eventuali altri dati personali inseriti nella missiva.<\/p>\n<p>Specifiche informative di sintesi verranno progressivamente riportate o visualizzate nelle pagine del sito predisposte per particolari servizi a richiesta.<\/p>\n<p>&nbsp;<\/p>\n<p>Cookies<\/p>\n<p>Nessun dato personale degli utenti viene in proposito acquisito dal sito.<\/p>\n<p>Non viene fatto uso di cookies per la trasmissione di informazioni di carattere personale, n\u00e9 vengono utilizzati c.d. cookies persistenti di alcun tipo, ovvero sistemi per il tracciamento degli utenti.<\/p>\n<p>L\u2019uso di c.d. cookies di sessione (che non vengono memorizzati in modo persistente sul computer dell\u2019utente e svaniscono con la chiusura del browser) \u00e8 strettamente limitato alla trasmissione di identificativi di sessione (costituiti da numeri casuali generati dal server) necessari per consentire l\u2019esplorazione sicura ed efficiente del sito.<\/p>\n<p>I c.d. cookies di sessione utilizzati in questo sito evitano il ricorso ad altre tecniche informatiche potenzialmente pregiudizievoli per la riservatezza della navigazione degli utenti e non consentono l\u2019acquisizione di dati personali identificativi dell\u2019utente.<\/p>\n<p>&nbsp;<\/p>\n<p>Facoltativit\u00e0 del conferimento dei dati<\/p>\n<p>A parte quanto specificato per i dati di navigazione, l\u2019utente \u00e8 libero di fornire i dati personali riportati nei moduli di richiesta o di altre comunicazioni.<\/p>\n<p>Il loro mancato conferimento pu\u00f2 comportare l\u2019impossibilit\u00e0 di ottenere quanto richiesto.<\/p>\n<p>&nbsp;<\/p>\n<p>Modalit\u00e0 di trattamento<\/p>\n<p>I dati personali sono trattati con strumenti automatizzati per il tempo strettamente necessario a conseguire gli scopi per cui sono stati raccolti.<\/p>\n<p>Specifiche misure di sicurezza sono osservate per prevenire la perdita dei dati, usi illeciti o non corretti ed accessi non autorizzati.<\/p>\n<p>&nbsp;<\/p>\n<p>Diritti degli interessati<\/p>\n<p>I soggetti cui si riferiscono i dati personali hanno il diritto in qualunque momento di ottenere la conferma dell\u2019esistenza o meno dei medesimi dati e di conoscerne il contenuto e l\u2019origine, verificarne l\u2019esattezza o chiederne l\u2019integrazione o l\u2019aggiornamento, oppure la rettificazione (art. 15 e successivi del GDPR).<\/p>\n<p>Ai sensi del medesimo articolo si ha il diritto di chiedere la cancellazione, la trasformazione in forma anonima o il blocco dei dati trattati in violazione di legge, nonch\u00e9 di opporsi in ogni caso, per motivi legittimi, al loro trattamento.<\/p>\n<p>Le richieste vanno rivolte al responsabile dei trattamenti presso il Titolare.<\/p>\n<p>Resta sempre valida la possibilit\u00e0 di rivolgersi all\u2019autorit\u00e0 di controllo al sito www.garanteprivacy.it<\/p>\n<p>&nbsp;<\/p>\n<p><strong>Informativa ai sensi dell\u2019art. 13 del GDPR 679\/16 D.Lgs 101\/18<\/strong><br \/><strong>Dati modulo di iscrizione e utilizzo immagini<\/strong><br \/><strong>nelle nostre scuole e servizi educativi<\/strong><\/p>\n<p>I dati obbligatori non saranno comunicati ad altri soggetti e verranno conservati nei limiti previsti dalla norma di riferimento al fine di consentire la produzione di documentazione idonea in caso di richiesta da parte della P.A. o di soggetti aventi diritto. Oltre tali termini i dati verranno distrutti.<br \/>In riferimento al Decreto scuola Legge n.79 del 5 giugno 2025 la scuola adotta il Software Segreteria Digitale e ClasseViva di Spaggiari Spa il quale \u00e8 stato nominato Responsabile al trattamento dati. Le password e le creazioni degli account saranno svolte con modalit\u00e0 che garantiscono la tutela della riservatezza. Le credenziali di accesso saranno inoltrate agli indirizzi mail indicati negli atti di iscrizione o comunicati alla scuola per scritto dalle famiglie e per ogni chiarimento pu\u00f2 rivolgersi alla segreteria della scuola. <br \/>In merito all&#8217;attivazione facoltativa di strumenti di \u201cdidattica integrata\u201d ogni Istituto o servizio educativo ha scelto di utilizzare la piattaforma Google Workspace for Education. Questa piattaforma consiste in una serie di strumenti forniti da Google per la produttivit\u00e0 didattica, tra cui ad esempio Gmail, Calendar, Documenti Google, Classroom, Meet. Tale piattaforma potr\u00e0 essere utilizzata durante la didattica ordinaria per inoltrare materiale didattico o immagini a documentazione dell\u2019attivit\u00e0 didattica svolta. Tali piattaforme sono utilizzate in modalit\u00e0 chiusa a cui possono accedere esclusivamente le famiglie della classe o sezione. Le credenziali di accesso saranno inoltrate agli indirizzi mail indicati negli atti di iscrizione o comunicati alla scuola per scritto dalle famiglie e per ogni chiarimento pu\u00f2 rivolgersi alla segreteria della scuola. L\u2019accesso mediante utilizzo di tali credenziali sar\u00e0 considerato manifestazione del consenso all\u2019utilizzo dei dati e immagini nella piattaforma. Per ulteriori informazioni sul trattamento dati utilizzato da Google Workspace for Education \u00e8 possibile consultare la pagina <br \/><a href=\"https:\/\/workspace.google.com\/terms\/education_privacy\/?sjid=3756584626785500175-EU\">https:\/\/workspace.google.com\/terms\/education_privacy\/?sjid=3756584626785500175-EU<\/a><br \/>L\u2019account di ciascun alunno oltre ai servizi ordinari di google (es drive, meet etc) da Il Registro elettronico negli Istituti dove \u00e8 stato attivato \u00e8 Classe Viva di Spaggiari spa, il quale \u00e8 stato nominato Responsabile al trattamento dati. In alcune scuole e servizi educativi la prenotazione dei pasti avviene attraverso una APP di propriet\u00e0 di Metasoluzioni Srl con sede a Montecatini Terme che \u00e8 stata nominata responsabile al trattamento dati. La gestione degli account e dei dati avviene con le stesse modalit\u00e0 sopradescritte per le altre piattaforme attivate dalla cooperativa.<br \/>In queste APP e piattaforme digitali non saranno trattati alcun dato sensibile ex art 9 del GDPR. Le piattaforme digitali sono suddivise per classi o sezioni entro i quali possono accedere i familiari (e per secondaria di primo e secondo grado anche gli studenti) della medesima classe o sezione. Questi vedranno le Le immagini e i dati di tutti gli alunni della classe o sezione.<br \/>I dati rientranti nell\u2019art.9 comma 1 del Regolamento Europeo (<strong>dati relativi alla salute<\/strong>) di Vostro\/a figlio\/a vengono trattati per le seguenti finalit\u00e0:<br \/>1) adempimenti normativi per ottenere dal MIUR riconoscimento delle ore di sostegno nell\u2019anno scolastico in corso; 2) redazione del PEI o PDP e di tutti i documenti necessari all\u2019attivit\u00e0 didattica dell\u2019anno scolastico in corso 3) Gestione di diete speciali per coloro che usufruiscono del servizio mensa. Nella trasmissione dei dati al personale addetto alla cucina o ad aziende in appalto sar\u00e0 conservato l\u2019anonimato del\/la bambino\/a.<br \/>Il trattamento dei dati avviene sia in forma manuale che automatizzata. I dati trattati verranno conservati nei limiti previsti dalla norma di riferimento, al fine di consentire la produzione di documentazione idonea in caso di richiesta da parte della P.A. o di soggetti aventi diritto. Oltre tali termini verranno archiviati o distrutti.<br \/>Il conferimento dei dati personali raccolti per le finalit\u00e0 di cui ai punti a.1 e a.2 \u00e8 obbligatorio pena l&#8217;impossibilit\u00e0 di poter procedere a dette finalit\u00e0.<br \/>Oltre ai designati che operano sotto il diretto controllo della scrivente (direzione, insegnanti e segreteria della scuola), nell&#8217;ambito delle finalit\u00e0 di cui al punto a. i dati possono essere comunicati ad enti pubblici o pubbliche amministrazioni che ne facciano richiesta nello svolgimento di funzioni istituzionali, nei limiti stabiliti da leggi e regolamenti.<br \/><strong>Il trattamento delle immagini<\/strong> potr\u00e0 avvenire per finalit\u00e0 di documentazione didattica e promozione della scuola per 1) produrre materiale cartaceo o video esistente all\u2019interno della scuola. Tale materiale sar\u00e0 appeso negli spazi o trasmesso negli schermi dell\u2019Istituto. Il materiale potr\u00e0 essere consegnato ai genitori della classe tramite documentazione cartacea, CD, chiavetta USB, via mail o tramite programmi per trasferimento dati; 2) pubblicarle sul diario di bordo, sul sito internet e sulla piattaforma digitale della scuola e della rete Liberi di educare. Laddove sono attivate piattaforma Classroom o altre piattaforme Google per la condivisione e trasmissione di immagini e di documentazione sono inoltrate in modalit\u00e0 chiusa a cui possono accedere esclusivamente le famiglie della classe o sezioni; 3) pubblicarle sui profili social della scuola e della rete di scuole Liberi di educare anche in occasione di eventi organizzati dalla rete per le scuole della rete (ad esempio Giocando lo sport, Miniolimpiadi); 4) documentazione fotografica di eventi scolastici o organizzati dalla rete Liberi di educare prodotta da fotografi professionisti o TV incaricati dalla scuola. Le password e le creazioni degli account saranno svolte con modalit\u00e0 che garantiscono la tutela della riservatezza e la gestione con le modalit\u00e0 sopradescritte.. Per quanto attiene i profili social le modalit\u00e0 di trattamento sono note e per maggiori informazioni pu\u00f2 consultare la privacy policy dei social. Le immagini utilizzate sono pertinenti rispetto al contenuto della pubblicazione e non raffigurano elementi dai quali risultino evidenti stati di salute o altre informazioni, di carattere sensibile. Alle immagini non sar\u00e0 abbinata alcuna informazione di carattere personale. La scrivente non \u00e8 responsabile per l\u2019utilizzo che terzi potranno fare delle immagini pubblicate. Stante la facoltativit\u00e0 di utilizzo di tali strumenti e del trattamento dati delle immagini la base giuridica per la documentazione didattica \u00e8 il consenso degli interessati e per la promozione anche il legittimo interesse del titolare. Le immagini saranno archiviate ed utilizzate per il periodo in cui gli alunni saranno iscritti all\u2019Istituto\/servizio educativo. Terminato il percorso scolastico le immagini saranno archiviate dall\u2019Istituto\/servizio educativo e diffuso soltanto a seguito di esplicito consenso richiesto ai genitori. In occasione di particolari uscite o eventi potranno essere sottoscritti specifici consensi, predisposti dal designato d\u2019istituto al trattamento dati per la trasmissione di informazioni e immagini con modalit\u00e0 diverse da quelle indicate nella presente informativa. Le immagini, ad eccezione del punto 4 sopraindicato, saranno prodotte dalle insegnanti e dal personale della scuola.<\/p>\n<p>&nbsp;<\/p>\n<p>&nbsp;<\/p>\n<p><strong><u>Rilevazione dati generali programma statistico nazionale<\/u><\/strong><\/p>\n<p>Il Ministero dell\u2019Istruzione e del Merito informa con nota prot. 7515 del 25\/11\/2025 che a partire dal 25 novembre p.v. e fino al 16 gennaio 2025 viene resa disponibile sul Sidi, la funzione \u201cAcquisizione Dati\u201d della Rilevazione \u201cDati generali\u201d per l\u2019anno scolastico 2025\/2026. Riportiamo di seguito l\u2019informativa sul trattamento dati<\/p>\n<p>&nbsp;<\/p>\n<p>&nbsp;<\/p>\n<p style=\"text-align: center;\"><strong>Informativa sul trattamento dei dati personali<\/strong><\/p>\n<p style=\"text-align: center;\"><strong>(Art. 14 del Regolamento UE 679\/2016)<\/strong><\/p>\n<p><strong><\/strong><\/p>\n<p>Il Ministero dell\u2019istruzione e del merito, in qualit\u00e0 di Titolare del trattamento, desidera, con la presente informativa, fornire informazioni circa il trattamento dei dati personali degli studenti frequentanti questo Istituto, presenti nella Rilevazione sulle scuole \u2013 \u201cDati generali\u201d (di seguito Rilevazione), prevista dal Programma Statistico Nazionale (di seguito PSN).<\/p>\n<p>&nbsp;<\/p>\n<p><strong>Titolare del trattamento dei dati<\/strong><\/p>\n<p>Titolare del trattamento dei dati \u00e8 il Ministero dell\u2019istruzione e del merito, con sede in Roma presso Viale di Trastevere, n. 76\/a, 00153 Roma, al quale ci si potr\u00e0 rivolgere per esercitare i diritti degli interessati. E-mail: <a href=\"mailto:dgsis.segreteria@istruzione.it\">dgsis.segreteria@istruzione.it<\/a>.<\/p>\n<p>&nbsp;<\/p>\n<p><strong>Responsabile della protezione dei dati<\/strong><\/p>\n<p>Il Responsabile per la protezione dei dati personali \u00e8 raggiungibile al seguente indirizzo: Ministero dell\u2019istruzione e del merito \u2013 Responsabile della Protezione dei dati personali, viale di Trastevere, n. 76\/a, 00153 Roma. E-mail: <a href=\"mailto:rpd@istruzione.it\">rpd@istruzione.it<\/a><\/p>\n<p>&nbsp;<\/p>\n<p><strong>Finalit\u00e0 del trattamento e base giuridica<\/strong><\/p>\n<p>La base giuridica del trattamento dei dati personali \u00e8 rappresentata dall\u2019esecuzione di un compito di interesse pubblico o da pubblici poteri del titolare derivante da normativa nazionale, secondo quanto previsto dall\u2019articolo 6, comma 1, lettera e) del Regolamento UE 679\/2016. Il trattamento \u00e8, infatti, finalizzato alla raccolta e alla diffusione delle principali informazioni statistiche aggregate riguardanti gli alunni frequentanti e l&#8217;organizzazione della scuola. Tale Rilevazione (PUI00001) \u00e8 prevista dal Programma Statistico Nazionale (DPR di approvazione del PSN e degli altri atti della programmazione della statistica ufficiale per il triennio 2023-2025, aggiornamento 2024-2025, 6 novembre 2025 (DPR di prossima pubblicazione sulla Gazzetta Ufficiale)). In particolare, l\u2019obbligo di fornire dati statistici per la Rilevazione \u00e8 previsto dall\u2019art. 7 del D.lgs. 6 settembre 1989, n. 322 e successive modifiche e integrazioni. Non rientrano in tale obbligo le categorie particolari di dati personali di cui all\u2019art. 9 e i dati relativi a condanne penali e reati di cui all\u2019art. 10 del Regolamento UE 679\/2016.<\/p>\n<p>&nbsp;<\/p>\n<p><strong>Categorie di dati trattati<\/strong><\/p>\n<p>I dati oggetto di trattamento sono di tipo aggregato e riguardano gli alunni e, in particolare, le seguenti tipologie: (i) anno di nascita, anno di corso, sesso, cittadinanza; (ii) disabilit\u00e0; (iii) ripetenze per anno di corso; (iv) frequentanti le scuole carcerarie. Sono, inoltre, oggetto di trattamento i dati sull\u2019organizzazione della scuola (numero classi) e sul personale scolastico (solo per le scuole non statali).<\/p>\n<p>&nbsp;<\/p>\n<p><strong>Destinatari del trattamento<\/strong><\/p>\n<p>I dati possono essere comunicati a soggetti appartenenti al Sistan; a soggetti pubblici o privati secondo le modalit\u00e0 previste dall\u2019art. 7 del Codice di deontologia e di buona condotta per i trattamenti di dati personali a scopi statistici e di ricerca scientifica, di cui alla Delibera n. 514\/2018 dell\u2019Autorit\u00e0 Garante per la protezione dei dati personali. I dati sono diffusi in forma aggregata, in modo tale che non sia possibile risalire ai soggetti a cui si riferiscono.<\/p>\n<p>&nbsp;<\/p>\n<p><strong>Trasferimento di dati personali verso paesi terzi o organizzazioni internazionali.<\/strong><\/p>\n<p>Non sono previsti trasferimenti di dati personali verso paesi terzi o organizzazioni internazionali.<\/p>\n<p>&nbsp;<\/p>\n<p><strong>Periodo di conservazione dei dati personali<\/strong><\/p>\n<p>I dati raccolti attraverso la Rilevazione sono conservati dal Ministero dell\u2019istruzione e del merito ai sensi dell\u2019art. 5 del Regolamento UE 679\/2016 per un periodo di tempo non superiore a quello necessario agli scopi per i quali essi sono stati raccolti e successivamente trattati conformemente a quanto previsto dagli obblighi di legge.<\/p>\n<p>&nbsp;<\/p>\n<p><strong>Diritti degli interessati<\/strong><\/p>\n<p>Il Regolamento (UE) 2016\/679 attribuisce ai soggetti interessati i seguenti diritti:<\/p>\n<p>a) diritto di accesso (art. 15), ovvero di ottenere in particolare:<\/p>\n<ul>\n<li>la conferma dell\u2019esistenza dei dati personali;<\/li>\n<li>l\u2019indicazione dell\u2019origine e delle categorie di dati personali, della finalit\u00e0 e della modalit\u00e0 del loro Trattamento;<\/li>\n<li>la logica applicata in caso di trattamento effettuato con l\u2019ausilio di strumenti elettronici;<\/li>\n<li>gli estremi identificativi del Titolare del trattamento dei dati personali, del Responsabile del trattamento dei dati personali e dei soggetti o categorie di soggetti ai quali i dati sono stati o possono essere comunicati;<\/li>\n<li>il periodo di conservazione.<\/li>\n<\/ul>\n<p>b) diritto di rettifica (art. 16);<\/p>\n<p>c) diritto alla cancellazione (art. 17);<\/p>\n<p>d) diritto di limitazione di trattamento (art. 18);<\/p>\n<p>e) diritto alla portabilit\u00e0 dei dati (art. 20);<\/p>\n<p>f) diritto di opposizione (art. 21);<\/p>\n<p>g) diritto di non essere sottoposti a una decisione basata unicamente sul trattamento incida in modo analogo significativamente sulle loro persone (art. 22).<\/p>\n<p>In relazione al trattamento dei dati che La riguardano, si potr\u00e0 rivolgere al Titolare del trattamento per esercitare i Suoi diritti.<\/p>\n<p>&nbsp;<\/p>\n<p><strong>Diritto di Reclamo<\/strong><\/p>\n<p>Gli interessati nel caso in cui ritengano che il trattamento dei dati personali a loro riferiti sia compiuto in violazione di quanto previsto dal Regolamento UE 679\/2016 hanno il diritto di proporre reclamo al Garante, come previsto dall&#8217;art. 77 del Regolamento UE 679\/2016 stesso, o di adire le opportune sedi giudiziarie ai sensi dell\u2019art. 79 del Regolamento UE 679\/2016.<\/p>\n<p>&nbsp;<\/p>\n<p><strong>Fonte da cui hanno origine i dati personali e le modalit\u00e0 del trattamento cui sono destinati i dati<\/strong><\/p>\n<p>Le istituzioni scolastiche statali e paritarie e i Cpia compilano la Rilevazione, sul portale Sidi del Ministero dell\u2019istruzione e del merito, precaricando in forma sintetica i dati gi\u00e0 presenti nella fonte amministrativa Anagrafe Nazionale studenti. Inoltre, inseriscono dati aggiuntivi, sempre in forma aggregata, riferiti ai frequentanti, al personale (solo scuole non statali), alla struttura e ai servizi offerti dalla scuola. Le scuole non paritarie compilano la rilevazione digitando tutti i dati.<\/p>\n<p>Le attivit\u00e0 di trattamento sono effettuate attraverso l\u2019utilizzo di servizi ICT, di strumenti di office automation e, dove necessario, con la gestione manuale.<\/p>\n<p>&nbsp;<\/p>\n<p><strong>Processo decisionale automatizzato<\/strong><\/p>\n<p>Non \u00e8 previsto un processo decisionale automatizzato ai sensi dell\u2019art. 14 comma 2 lettera g) del Regolamento UE 679\/2016.<\/p>\n<p>[\/et_pb_text][\/et_pb_column][\/et_pb_row][\/et_pb_section][et_pb_section fb_built=&#8221;1&#8243; admin_label=&#8221;Footer&#8221; _builder_version=&#8221;4.16&#8243; background_image=&#8221;https:\/\/www.meetingpointfirenze.it\/wp-content\/uploads\/2024\/06\/jess-watters-483666-unsplash.jpg&#8221; parallax=&#8221;on&#8221; custom_margin=&#8221;|||&#8221; custom_padding=&#8221;|||&#8221; locked=&#8221;off&#8221; global_colors_info=&#8221;{}&#8221;][et_pb_row use_custom_gutter=&#8221;on&#8221; gutter_width=&#8221;2&#8243; make_equal=&#8221;on&#8221; _builder_version=&#8221;4.25.2&#8243; custom_padding=&#8221;|||&#8221; animation_style=&#8221;fade&#8221; border_radii=&#8221;on|10px|10px|10px|10px&#8221; global_colors_info=&#8221;{}&#8221;][et_pb_column type=&#8221;4_4&#8243; _builder_version=&#8221;4.25.2&#8243; custom_padding=&#8221;|||&#8221; global_colors_info=&#8221;{}&#8221; custom_padding__hover=&#8221;|||&#8221;][et_pb_cta button_url=&#8221;#top&#8221; _builder_version=&#8221;4.25.2&#8243; header_font=&#8221;Rubik|700|||||||&#8221; header_font_size=&#8221;40px&#8221; header_line_height=&#8221;1.4em&#8221; body_font=&#8221;Rubik||||||||&#8221; body_line_height=&#8221;2em&#8221; background_color=&#8221;#ffffff&#8221; custom_button=&#8221;on&#8221; button_text_size=&#8221;16px&#8221; button_text_color=&#8221;#ffffff&#8221; button_bg_color=&#8221;#7f5aff&#8221; button_border_width=&#8221;10px&#8221; button_border_color=&#8221;rgba(65,65,144,0)&#8221; button_border_radius=&#8221;70px&#8221; button_font=&#8221;Rubik|700|||||||&#8221; button_use_icon=&#8221;off&#8221; text_orientation=&#8221;left&#8221; background_layout=&#8221;light&#8221; max_width_last_edited=&#8221;off|desktop&#8221; module_alignment=&#8221;right&#8221; custom_margin=&#8221;|||&#8221; custom_padding=&#8221;64px|60px|64px|60px|true&#8221; header_font_size_tablet=&#8221;&#8221; header_font_size_phone=&#8221;30px&#8221; header_font_size_last_edited=&#8221;on|phone&#8221; body_line_height_last_edited=&#8221;off|desktop&#8221; border_radii=&#8221;on|10px|10px|10px|10px&#8221; button_text_color_hover=&#8221;#ffffff&#8221; button_border_radius_hover=&#8221;70px&#8221; button_bg_color_hover=&#8221;#9577ff&#8221; global_colors_info=&#8221;{}&#8221; button_text_size__hover_enabled=&#8221;off&#8221; button_one_text_size__hover_enabled=&#8221;off&#8221; button_two_text_size__hover_enabled=&#8221;off&#8221; button_text_color__hover_enabled=&#8221;on&#8221; button_text_color__hover=&#8221;#ffffff&#8221; button_one_text_color__hover_enabled=&#8221;off&#8221; button_two_text_color__hover_enabled=&#8221;off&#8221; button_border_width__hover_enabled=&#8221;off&#8221; button_one_border_width__hover_enabled=&#8221;off&#8221; button_two_border_width__hover_enabled=&#8221;off&#8221; button_border_color__hover_enabled=&#8221;off&#8221; button_one_border_color__hover_enabled=&#8221;off&#8221; button_two_border_color__hover_enabled=&#8221;off&#8221; button_border_radius__hover_enabled=&#8221;on&#8221; button_border_radius__hover=&#8221;70px&#8221; button_one_border_radius__hover_enabled=&#8221;off&#8221; button_two_border_radius__hover_enabled=&#8221;off&#8221; button_letter_spacing__hover_enabled=&#8221;off&#8221; button_one_letter_spacing__hover_enabled=&#8221;off&#8221; button_two_letter_spacing__hover_enabled=&#8221;off&#8221; button_bg_color__hover_enabled=&#8221;on&#8221; button_bg_color__hover=&#8221;#9577ff&#8221; button_one_bg_color__hover_enabled=&#8221;off&#8221; button_two_bg_color__hover_enabled=&#8221;off&#8221;]<\/p>\n<h1 style=\"text-align: center;\"><strong>Contatti<\/strong><\/h1>\n<p><strong><\/strong><\/p>\n<p style=\"text-align: center;\"><strong>Dati:<\/strong><\/p>\n<p style=\"text-align: center;\"><strong>\u00a0<\/strong>P.iva e CF 02209550488<\/p>\n<p style=\"text-align: center;\"><strong>Indirizzo:<\/strong><\/p>\n<p style=\"text-align: center;\">VIA ANDREA DEL SARTO, 4, 50135 FIRENZE (FI)<\/p>\n<p>[\/et_pb_cta][\/et_pb_column][\/et_pb_row][\/et_pb_section]<\/p>\n","protected":false},"excerpt":{"rendered":"<p>&nbsp; Perch\u00e9 questo avviso In questa pagina si descrivono le modalit\u00e0 di gestione del sito in riferimento al trattamento dei dati personali degli utenti che lo consultano. Si tratta di un\u2019informativa che \u00e8 resa anche ai sensi dell&#8217;art. 13 del GDPR\u00a0 a coloro che interagiscono con i servizi web del sito, accessibili per via telematica [&hellip;]<\/p>\n","protected":false},"author":1,"featured_media":0,"parent":0,"menu_order":0,"comment_status":"closed","ping_status":"closed","template":"","meta":{"_et_pb_use_builder":"on","_et_pb_old_content":"","_et_gb_content_width":"","footnotes":""},"class_list":["post-131","page","type-page","status-publish","hentry"],"_links":{"self":[{"href":"https:\/\/www.meetingpointfirenze.it\/en\/wp-json\/wp\/v2\/pages\/131","targetHints":{"allow":["GET"]}}],"collection":[{"href":"https:\/\/www.meetingpointfirenze.it\/en\/wp-json\/wp\/v2\/pages"}],"about":[{"href":"https:\/\/www.meetingpointfirenze.it\/en\/wp-json\/wp\/v2\/types\/page"}],"author":[{"embeddable":true,"href":"https:\/\/www.meetingpointfirenze.it\/en\/wp-json\/wp\/v2\/users\/1"}],"replies":[{"embeddable":true,"href":"https:\/\/www.meetingpointfirenze.it\/en\/wp-json\/wp\/v2\/comments?post=131"}],"version-history":[{"count":4,"href":"https:\/\/www.meetingpointfirenze.it\/en\/wp-json\/wp\/v2\/pages\/131\/revisions"}],"predecessor-version":[{"id":422,"href":"https:\/\/www.meetingpointfirenze.it\/en\/wp-json\/wp\/v2\/pages\/131\/revisions\/422"}],"wp:attachment":[{"href":"https:\/\/www.meetingpointfirenze.it\/en\/wp-json\/wp\/v2\/media?parent=131"}],"curies":[{"name":"wp","href":"https:\/\/api.w.org\/{rel}","templated":true}]}}